{"id":7355,"date":"2023-07-21T08:49:42","date_gmt":"2023-07-21T08:49:42","guid":{"rendered":"https:\/\/netverslun.thjodminjasafn.is\/?post_type=product&#038;p=7355"},"modified":"2025-11-02T13:20:43","modified_gmt":"2025-11-02T13:20:43","slug":"a-elleftu-stundu","status":"publish","type":"product","link":"https:\/\/netverslun.thjodminjasafn.is\/en\/verslun\/syningar\/ljosmyndasalur\/a-elleftu-stundu\/","title":{"rendered":"\u00c1 elleftu stundu"},"content":{"rendered":"<p>This book is only in Icelandic and Danish. \n\n\u00c1 elleftu stundu b\u00f3kin, the book was published after an interesting exhibition that was held at the National Museum's of Icelands Photo Gallery, 2022-2023.<\/p>\n<p>At the beginning of the 1970s, only a few turf houses were lived in, in Iceland. Turfhouses had finished their role after being the main form of Icelandic house designs, for more than a thousand years and were now losing their numbers at an alarming rate.<\/p>\n<p>An Icelandic architecture student pushed for the Danish architecture schools in \u00c5rhus and Copenhagen to take on the task of documenting the unique architectural style of Icelanders, in the 1970s both turf houses and other old buildings were documented. This work brought significant attention to important cultural heritage.<\/p>\n<p>The book, which is richly illustrated, gives us an insight into the surveying trips, the unique registration and the efforts to preserve the diverse, original Icelandic architectural heritage.<\/p>\n<p>\u00c1 elleftu stundu book, is 296 pages with beautiful pictures and drawings. The author is Kirsten Simonsen. A book that anyone interested in Icelandic architecture must acquire.<\/p>\n<p>The book is only in Icelandic and Danish.<\/p>\n<p>&nbsp;<\/p>","protected":false},"excerpt":{"rendered":"<p>\u00c1 elleftu stundu, a book about the surveying trips of the Danish schools of architecture to Iceland.<\/p>\n<p>Book for people that are interested in Icelandic turfhouses.<\/p>","protected":false},"featured_media":7360,"template":"","meta":{"site-sidebar-layout":"default","site-content-layout":"default","ast-site-content-layout":"default","site-content-style":"default","site-sidebar-style":"default","ast-global-header-display":"","ast-banner-title-visibility":"","ast-main-header-display":"","ast-hfb-above-header-display":"","ast-hfb-below-header-display":"","ast-hfb-mobile-header-display":"","site-post-title":"","ast-breadcrumbs-content":"","ast-featured-img":"","footer-sml-layout":"","ast-disable-related-posts":"","theme-transparent-header-meta":"default","adv-header-id-meta":"","stick-header-meta":"default","header-above-stick-meta":"","header-main-stick-meta":"","header-below-stick-meta":"","astra-migrate-meta-layouts":"set","ast-page-background-enabled":"default","ast-page-background-meta":{"desktop":{"background-color":"","background-image":"","background-repeat":"repeat","background-position":"center center","background-size":"auto","background-attachment":"scroll","background-type":"","background-media":"","overlay-type":"","overlay-color":"","overlay-opacity":"","overlay-gradient":""},"tablet":{"background-color":"","background-image":"","background-repeat":"repeat","background-position":"center center","background-size":"auto","background-attachment":"scroll","background-type":"","background-media":"","overlay-type":"","overlay-color":"","overlay-opacity":"","overlay-gradient":""},"mobile":{"background-color":"","background-image":"","background-repeat":"repeat","background-position":"center center","background-size":"auto","background-attachment":"scroll","background-type":"","background-media":"","overlay-type":"","overlay-color":"","overlay-opacity":"","overlay-gradient":""}},"ast-content-background-meta":{"desktop":{"background-color":"var(--ast-global-color-5)","background-image":"","background-repeat":"repeat","background-position":"center center","background-size":"auto","background-attachment":"scroll","background-type":"","background-media":"","overlay-type":"","overlay-color":"","overlay-opacity":"","overlay-gradient":""},"tablet":{"background-color":"var(--ast-global-color-5)","background-image":"","background-repeat":"repeat","background-position":"center center","background-size":"auto","background-attachment":"scroll","background-type":"","background-media":"","overlay-type":"","overlay-color":"","overlay-opacity":"","overlay-gradient":""},"mobile":{"background-color":"var(--ast-global-color-5)","background-image":"","background-repeat":"repeat","background-position":"center center","background-size":"auto","background-attachment":"scroll","background-type":"","background-media":"","overlay-type":"","overlay-color":"","overlay-opacity":"","overlay-gradient":""}}},"product_brand":[],"product_cat":[78,46,69,45,48,70,68],"product_tag":[],"class_list":{"0":"post-7355","1":"product","2":"type-product","3":"status-publish","4":"has-post-thumbnail","6":"product_cat-baekur-syningar-rit","7":"product_cat-baekur-a-ensku","8":"product_cat-tilbod","9":"product_cat-lestur","10":"product_cat-ljosmyndabaekur","11":"product_cat-ljosmyndasalur","12":"product_cat-syningar","13":"desktop-align-left","14":"tablet-align-left","15":"mobile-align-left","16":"ast-product-gallery-layout-vertical","17":"ast-product-tabs-layout-vertical","19":"first","20":"instock","21":"sale","22":"shipping-taxable","23":"purchasable","24":"product-type-simple"},"yoast_head":"<!-- This site is optimized with the Yoast SEO plugin v27.4 - https:\/\/yoast.com\/product\/yoast-seo-wordpress\/ -->\n<title>\u00c1 elleftu stundu - \u00dej\u00f3\u00f0minjasafn \u00cdslands<\/title>\n<meta name=\"description\" content=\"\u00c1 elleftu stundu b\u00f3k um uppm\u00e6lingarfer\u00f0ir d\u00f6nsku arkitektarsk\u00f3lanna til \u00cdslands.B\u00f3k fyrir \u00e1hugasama um torfh\u00fas og a\u00f0rar byggingarst\u00edla \u00e1 \u00cdslandi.\" \/>\n<meta name=\"robots\" content=\"index, follow, max-snippet:-1, max-image-preview:large, max-video-preview:-1\" \/>\n<link rel=\"canonical\" href=\"https:\/\/netverslun.thjodminjasafn.is\/en\/verslun\/syningar\/ljosmyndasalur\/a-elleftu-stundu\/\" \/>\n<meta property=\"og:locale\" content=\"en_US\" \/>\n<meta property=\"og:type\" content=\"article\" \/>\n<meta property=\"og:title\" content=\"\u00c1 elleftu stundu - \u00dej\u00f3\u00f0minjasafn \u00cdslands\" \/>\n<meta property=\"og:description\" content=\"\u00c1 elleftu stundu b\u00f3k um uppm\u00e6lingarfer\u00f0ir d\u00f6nsku arkitektarsk\u00f3lanna til \u00cdslands.B\u00f3k fyrir \u00e1hugasama um torfh\u00fas og a\u00f0rar byggingarst\u00edla \u00e1 \u00cdslandi.\" \/>\n<meta property=\"og:url\" content=\"https:\/\/netverslun.thjodminjasafn.is\/en\/verslun\/syningar\/ljosmyndasalur\/a-elleftu-stundu\/\" \/>\n<meta property=\"og:site_name\" content=\"\u00dej\u00f3\u00f0minjasafn \u00cdslands\" \/>\n<meta property=\"article:publisher\" content=\"https:\/\/www.facebook.com\/thjodminjasafn\" \/>\n<meta property=\"article:modified_time\" content=\"2025-11-02T13:20:43+00:00\" \/>\n<meta property=\"og:image\" content=\"https:\/\/netverslun.thjodminjasafn.is\/wp-content\/uploads\/2023\/07\/White_backgr_web-scaled.jpg\" \/>\n\t<meta property=\"og:image:width\" content=\"2560\" \/>\n\t<meta property=\"og:image:height\" content=\"1707\" \/>\n\t<meta property=\"og:image:type\" content=\"image\/jpeg\" \/>\n<meta name=\"twitter:card\" content=\"summary_large_image\" \/>\n<meta name=\"twitter:label1\" content=\"Est. reading time\" \/>\n\t<meta name=\"twitter:data1\" content=\"2 minutes\" \/>\n<script type=\"application\/ld+json\" class=\"yoast-schema-graph\">{\"@context\":\"https:\\\/\\\/schema.org\",\"@graph\":[{\"@type\":\"WebPage\",\"@id\":\"https:\\\/\\\/netverslun.thjodminjasafn.is\\\/verslun\\\/syningar\\\/ljosmyndasalur\\\/a-elleftu-stundu\\\/\",\"url\":\"https:\\\/\\\/netverslun.thjodminjasafn.is\\\/verslun\\\/syningar\\\/ljosmyndasalur\\\/a-elleftu-stundu\\\/\",\"name\":\"\u00c1 elleftu stundu - \u00dej\u00f3\u00f0minjasafn \u00cdslands\",\"isPartOf\":{\"@id\":\"https:\\\/\\\/netverslun.thjodminjasafn.is\\\/#website\"},\"primaryImageOfPage\":{\"@id\":\"https:\\\/\\\/netverslun.thjodminjasafn.is\\\/verslun\\\/syningar\\\/ljosmyndasalur\\\/a-elleftu-stundu\\\/#primaryimage\"},\"image\":{\"@id\":\"https:\\\/\\\/netverslun.thjodminjasafn.is\\\/verslun\\\/syningar\\\/ljosmyndasalur\\\/a-elleftu-stundu\\\/#primaryimage\"},\"thumbnailUrl\":\"https:\\\/\\\/netverslun.thjodminjasafn.is\\\/wp-content\\\/uploads\\\/2023\\\/07\\\/White_backgr_web-scaled.jpg\",\"datePublished\":\"2023-07-21T08:49:42+00:00\",\"dateModified\":\"2025-11-02T13:20:43+00:00\",\"description\":\"\u00c1 elleftu stundu b\u00f3k um uppm\u00e6lingarfer\u00f0ir d\u00f6nsku arkitektarsk\u00f3lanna til \u00cdslands.B\u00f3k fyrir \u00e1hugasama um torfh\u00fas og a\u00f0rar byggingarst\u00edla \u00e1 \u00cdslandi.\",\"breadcrumb\":{\"@id\":\"https:\\\/\\\/netverslun.thjodminjasafn.is\\\/verslun\\\/syningar\\\/ljosmyndasalur\\\/a-elleftu-stundu\\\/#breadcrumb\"},\"inLanguage\":\"en-US\",\"potentialAction\":[{\"@type\":\"ReadAction\",\"target\":[\"https:\\\/\\\/netverslun.thjodminjasafn.is\\\/verslun\\\/syningar\\\/ljosmyndasalur\\\/a-elleftu-stundu\\\/\"]}]},{\"@type\":\"ImageObject\",\"inLanguage\":\"en-US\",\"@id\":\"https:\\\/\\\/netverslun.thjodminjasafn.is\\\/verslun\\\/syningar\\\/ljosmyndasalur\\\/a-elleftu-stundu\\\/#primaryimage\",\"url\":\"https:\\\/\\\/netverslun.thjodminjasafn.is\\\/wp-content\\\/uploads\\\/2023\\\/07\\\/White_backgr_web-scaled.jpg\",\"contentUrl\":\"https:\\\/\\\/netverslun.thjodminjasafn.is\\\/wp-content\\\/uploads\\\/2023\\\/07\\\/White_backgr_web-scaled.jpg\",\"width\":2560,\"height\":1707,\"caption\":\"\u00c1 elleftu stundu \u00edslenskur arkitekt\u00far\"},{\"@type\":\"BreadcrumbList\",\"@id\":\"https:\\\/\\\/netverslun.thjodminjasafn.is\\\/verslun\\\/syningar\\\/ljosmyndasalur\\\/a-elleftu-stundu\\\/#breadcrumb\",\"itemListElement\":[{\"@type\":\"ListItem\",\"position\":1,\"name\":\"Home\",\"item\":\"https:\\\/\\\/netverslun.thjodminjasafn.is\\\/\"},{\"@type\":\"ListItem\",\"position\":2,\"name\":\"Verslun\",\"item\":\"https:\\\/\\\/netverslun.thjodminjasafn.is\\\/verslun\\\/\"},{\"@type\":\"ListItem\",\"position\":3,\"name\":\"\u00c1 elleftu stundu\"}]},{\"@type\":\"WebSite\",\"@id\":\"https:\\\/\\\/netverslun.thjodminjasafn.is\\\/#website\",\"url\":\"https:\\\/\\\/netverslun.thjodminjasafn.is\\\/\",\"name\":\"\u00dej\u00f3\u00f0minjasafn \u00cdslands\",\"description\":\"Vefverslun \u00dej\u00f3\u00f0minjasafnsins\",\"publisher\":{\"@id\":\"https:\\\/\\\/netverslun.thjodminjasafn.is\\\/#organization\"},\"potentialAction\":[{\"@type\":\"SearchAction\",\"target\":{\"@type\":\"EntryPoint\",\"urlTemplate\":\"https:\\\/\\\/netverslun.thjodminjasafn.is\\\/?s={search_term_string}\"},\"query-input\":{\"@type\":\"PropertyValueSpecification\",\"valueRequired\":true,\"valueName\":\"search_term_string\"}}],\"inLanguage\":\"en-US\"},{\"@type\":\"Organization\",\"@id\":\"https:\\\/\\\/netverslun.thjodminjasafn.is\\\/#organization\",\"name\":\"\u00dej\u00f3\u00f0minjasafn \u00cdslands\",\"url\":\"https:\\\/\\\/netverslun.thjodminjasafn.is\\\/\",\"logo\":{\"@type\":\"ImageObject\",\"inLanguage\":\"en-US\",\"@id\":\"https:\\\/\\\/netverslun.thjodminjasafn.is\\\/#\\\/schema\\\/logo\\\/image\\\/\",\"url\":\"https:\\\/\\\/netverslun.thjodminjasafn.is\\\/wp-content\\\/uploads\\\/2020\\\/02\\\/sitelogo.svg\",\"contentUrl\":\"https:\\\/\\\/netverslun.thjodminjasafn.is\\\/wp-content\\\/uploads\\\/2020\\\/02\\\/sitelogo.svg\",\"width\":599,\"height\":248,\"caption\":\"\u00dej\u00f3\u00f0minjasafn \u00cdslands\"},\"image\":{\"@id\":\"https:\\\/\\\/netverslun.thjodminjasafn.is\\\/#\\\/schema\\\/logo\\\/image\\\/\"},\"sameAs\":[\"https:\\\/\\\/www.facebook.com\\\/thjodminjasafn\",\"https:\\\/\\\/www.instagram.com\\\/nationalmuseumoficeland\\\/\"]}]}<\/script>\n<!-- \/ Yoast SEO plugin. -->","yoast_head_json":{"title":"\u00c1 elleftu stundu - \u00dej\u00f3\u00f0minjasafn \u00cdslands","description":"\u00c1 elleftu stundu b\u00f3k um uppm\u00e6lingarfer\u00f0ir d\u00f6nsku arkitektarsk\u00f3lanna til \u00cdslands.B\u00f3k fyrir \u00e1hugasama um torfh\u00fas og a\u00f0rar byggingarst\u00edla \u00e1 \u00cdslandi.","robots":{"index":"index","follow":"follow","max-snippet":"max-snippet:-1","max-image-preview":"max-image-preview:large","max-video-preview":"max-video-preview:-1"},"canonical":"https:\/\/netverslun.thjodminjasafn.is\/en\/verslun\/syningar\/ljosmyndasalur\/a-elleftu-stundu\/","og_locale":"en_US","og_type":"article","og_title":"\u00c1 elleftu stundu - \u00dej\u00f3\u00f0minjasafn \u00cdslands","og_description":"\u00c1 elleftu stundu b\u00f3k um uppm\u00e6lingarfer\u00f0ir d\u00f6nsku arkitektarsk\u00f3lanna til \u00cdslands.B\u00f3k fyrir \u00e1hugasama um torfh\u00fas og a\u00f0rar byggingarst\u00edla \u00e1 \u00cdslandi.","og_url":"https:\/\/netverslun.thjodminjasafn.is\/en\/verslun\/syningar\/ljosmyndasalur\/a-elleftu-stundu\/","og_site_name":"\u00dej\u00f3\u00f0minjasafn \u00cdslands","article_publisher":"https:\/\/www.facebook.com\/thjodminjasafn","article_modified_time":"2025-11-02T13:20:43+00:00","og_image":[{"width":2560,"height":1707,"url":"https:\/\/netverslun.thjodminjasafn.is\/wp-content\/uploads\/2023\/07\/White_backgr_web-scaled.jpg","type":"image\/jpeg"}],"twitter_card":"summary_large_image","twitter_misc":{"Est. reading time":"2 minutes"},"schema":{"@context":"https:\/\/schema.org","@graph":[{"@type":"WebPage","@id":"https:\/\/netverslun.thjodminjasafn.is\/verslun\/syningar\/ljosmyndasalur\/a-elleftu-stundu\/","url":"https:\/\/netverslun.thjodminjasafn.is\/verslun\/syningar\/ljosmyndasalur\/a-elleftu-stundu\/","name":"\u00c1 elleftu stundu - \u00dej\u00f3\u00f0minjasafn \u00cdslands","isPartOf":{"@id":"https:\/\/netverslun.thjodminjasafn.is\/#website"},"primaryImageOfPage":{"@id":"https:\/\/netverslun.thjodminjasafn.is\/verslun\/syningar\/ljosmyndasalur\/a-elleftu-stundu\/#primaryimage"},"image":{"@id":"https:\/\/netverslun.thjodminjasafn.is\/verslun\/syningar\/ljosmyndasalur\/a-elleftu-stundu\/#primaryimage"},"thumbnailUrl":"https:\/\/netverslun.thjodminjasafn.is\/wp-content\/uploads\/2023\/07\/White_backgr_web-scaled.jpg","datePublished":"2023-07-21T08:49:42+00:00","dateModified":"2025-11-02T13:20:43+00:00","description":"\u00c1 elleftu stundu b\u00f3k um uppm\u00e6lingarfer\u00f0ir d\u00f6nsku arkitektarsk\u00f3lanna til \u00cdslands.B\u00f3k fyrir \u00e1hugasama um torfh\u00fas og a\u00f0rar byggingarst\u00edla \u00e1 \u00cdslandi.","breadcrumb":{"@id":"https:\/\/netverslun.thjodminjasafn.is\/verslun\/syningar\/ljosmyndasalur\/a-elleftu-stundu\/#breadcrumb"},"inLanguage":"en-US","potentialAction":[{"@type":"ReadAction","target":["https:\/\/netverslun.thjodminjasafn.is\/verslun\/syningar\/ljosmyndasalur\/a-elleftu-stundu\/"]}]},{"@type":"ImageObject","inLanguage":"en-US","@id":"https:\/\/netverslun.thjodminjasafn.is\/verslun\/syningar\/ljosmyndasalur\/a-elleftu-stundu\/#primaryimage","url":"https:\/\/netverslun.thjodminjasafn.is\/wp-content\/uploads\/2023\/07\/White_backgr_web-scaled.jpg","contentUrl":"https:\/\/netverslun.thjodminjasafn.is\/wp-content\/uploads\/2023\/07\/White_backgr_web-scaled.jpg","width":2560,"height":1707,"caption":"\u00c1 elleftu stundu \u00edslenskur arkitekt\u00far"},{"@type":"BreadcrumbList","@id":"https:\/\/netverslun.thjodminjasafn.is\/verslun\/syningar\/ljosmyndasalur\/a-elleftu-stundu\/#breadcrumb","itemListElement":[{"@type":"ListItem","position":1,"name":"Home","item":"https:\/\/netverslun.thjodminjasafn.is\/"},{"@type":"ListItem","position":2,"name":"Verslun","item":"https:\/\/netverslun.thjodminjasafn.is\/verslun\/"},{"@type":"ListItem","position":3,"name":"\u00c1 elleftu stundu"}]},{"@type":"WebSite","@id":"https:\/\/netverslun.thjodminjasafn.is\/#website","url":"https:\/\/netverslun.thjodminjasafn.is\/","name":"\u00dej\u00f3\u00f0minjasafn \u00cdslands","description":"National Museum of Iceland webstore","publisher":{"@id":"https:\/\/netverslun.thjodminjasafn.is\/#organization"},"potentialAction":[{"@type":"SearchAction","target":{"@type":"EntryPoint","urlTemplate":"https:\/\/netverslun.thjodminjasafn.is\/?s={search_term_string}"},"query-input":{"@type":"PropertyValueSpecification","valueRequired":true,"valueName":"search_term_string"}}],"inLanguage":"en-US"},{"@type":"Organization","@id":"https:\/\/netverslun.thjodminjasafn.is\/#organization","name":"\u00dej\u00f3\u00f0minjasafn \u00cdslands","url":"https:\/\/netverslun.thjodminjasafn.is\/","logo":{"@type":"ImageObject","inLanguage":"en-US","@id":"https:\/\/netverslun.thjodminjasafn.is\/#\/schema\/logo\/image\/","url":"https:\/\/netverslun.thjodminjasafn.is\/wp-content\/uploads\/2020\/02\/sitelogo.svg","contentUrl":"https:\/\/netverslun.thjodminjasafn.is\/wp-content\/uploads\/2020\/02\/sitelogo.svg","width":599,"height":248,"caption":"\u00dej\u00f3\u00f0minjasafn \u00cdslands"},"image":{"@id":"https:\/\/netverslun.thjodminjasafn.is\/#\/schema\/logo\/image\/"},"sameAs":["https:\/\/www.facebook.com\/thjodminjasafn","https:\/\/www.instagram.com\/nationalmuseumoficeland\/"]}]}},"_links":{"self":[{"href":"https:\/\/netverslun.thjodminjasafn.is\/en\/wp-json\/wp\/v2\/product\/7355","targetHints":{"allow":["GET"]}}],"collection":[{"href":"https:\/\/netverslun.thjodminjasafn.is\/en\/wp-json\/wp\/v2\/product"}],"about":[{"href":"https:\/\/netverslun.thjodminjasafn.is\/en\/wp-json\/wp\/v2\/types\/product"}],"version-history":[{"count":1,"href":"https:\/\/netverslun.thjodminjasafn.is\/en\/wp-json\/wp\/v2\/product\/7355\/revisions"}],"predecessor-version":[{"id":8757,"href":"https:\/\/netverslun.thjodminjasafn.is\/en\/wp-json\/wp\/v2\/product\/7355\/revisions\/8757"}],"wp:featuredmedia":[{"embeddable":true,"href":"https:\/\/netverslun.thjodminjasafn.is\/en\/wp-json\/wp\/v2\/media\/7360"}],"wp:attachment":[{"href":"https:\/\/netverslun.thjodminjasafn.is\/en\/wp-json\/wp\/v2\/media?parent=7355"}],"wp:term":[{"taxonomy":"product_brand","embeddable":true,"href":"https:\/\/netverslun.thjodminjasafn.is\/en\/wp-json\/wp\/v2\/product_brand?post=7355"},{"taxonomy":"product_cat","embeddable":true,"href":"https:\/\/netverslun.thjodminjasafn.is\/en\/wp-json\/wp\/v2\/product_cat?post=7355"},{"taxonomy":"product_tag","embeddable":true,"href":"https:\/\/netverslun.thjodminjasafn.is\/en\/wp-json\/wp\/v2\/product_tag?post=7355"}],"curies":[{"name":"wp","href":"https:\/\/api.w.org\/{rel}","templated":true}]}}